{"id":236548,"date":"2025-04-28T10:12:32","date_gmt":"2025-04-28T08:12:32","guid":{"rendered":"https:\/\/www.campingjard.fr\/?page_id=236548"},"modified":"2025-04-28T10:13:39","modified_gmt":"2025-04-28T08:13:39","slug":"editorials","status":"publish","type":"page","link":"https:\/\/www.campingjard.fr\/en\/editoriaux\/","title":{"rendered":"Editorials"},"content":{"rendered":"<div class=\"wp-block-query alignwide is-layout-flow wp-block-query-is-layout-flow\" data-block-type=\"core\"><ul class=\"alignfull wp-block-post-template is-layout-flow wp-container-core-post-template-is-layout-3ee800f6 wp-block-post-template-is-layout-flow\" data-block-type=\"core\"><li class=\"wp-block-post post-236713 editorial type-editorial status-publish has-post-thumbnail hentry\">\n\n<div class=\"wp-block-group alignfull is-content-justification-space-between is-nowrap is-layout-flex wp-container-core-group-is-layout-154222c2 wp-block-group-is-layout-flex\" style=\"border-bottom-color:var(--wp--preset--color--accent-6);border-bottom-width:1px;padding-top:var(--wp--preset--spacing--30);padding-bottom:var(--wp--preset--spacing--30)\" data-block-type=\"core\"><h3 class=\"wp-block-post-title has-large-font-size\" data-block-type=\"core\"><a href=\"https:\/\/www.campingjard.fr\/en\/editorial\/week-end-pentecote-camping-vendee-pas-cher\/\" target=\"_self\" >Cheap Pentecost weekend camping in Vend\u00e9e<\/a><\/h3><\/div>\n\n<\/li><li class=\"wp-block-post post-236704 editorial type-editorial status-publish has-post-thumbnail hentry\">\n\n<div class=\"wp-block-group alignfull is-content-justification-space-between is-nowrap is-layout-flex wp-container-core-group-is-layout-154222c2 wp-block-group-is-layout-flex\" style=\"border-bottom-color:var(--wp--preset--color--accent-6);border-bottom-width:1px;padding-top:var(--wp--preset--spacing--30);padding-bottom:var(--wp--preset--spacing--30)\" data-block-type=\"core\"><h3 class=\"wp-block-post-title has-large-font-size\" data-block-type=\"core\"><a href=\"https:\/\/www.campingjard.fr\/en\/editorial\/spot-surf-proche-jard-sur-mer-camping\/\" target=\"_self\" >Surf spot near Jard-sur-Mer campsite<\/a><\/h3><\/div>\n\n<\/li><li class=\"wp-block-post post-236696 editorial type-editorial status-publish has-post-thumbnail hentry\">\n\n<div class=\"wp-block-group alignfull is-content-justification-space-between is-nowrap is-layout-flex wp-container-core-group-is-layout-154222c2 wp-block-group-is-layout-flex\" style=\"border-bottom-color:var(--wp--preset--color--accent-6);border-bottom-width:1px;padding-top:var(--wp--preset--spacing--30);padding-bottom:var(--wp--preset--spacing--30)\" data-block-type=\"core\"><h3 class=\"wp-block-post-title has-large-font-size\" data-block-type=\"core\"><a href=\"https:\/\/www.campingjard.fr\/en\/editorial\/quand-reserver-camping-vendee-moins-cher\/\" target=\"_self\" >When is the cheapest time to book a campsite in the Vend\u00e9e?<\/a><\/h3><\/div>\n\n<\/li><li class=\"wp-block-post post-236688 editorial type-editorial status-publish has-post-thumbnail hentry\">\n\n<div class=\"wp-block-group alignfull is-content-justification-space-between is-nowrap is-layout-flex wp-container-core-group-is-layout-154222c2 wp-block-group-is-layout-flex\" style=\"border-bottom-color:var(--wp--preset--color--accent-6);border-bottom-width:1px;padding-top:var(--wp--preset--spacing--30);padding-bottom:var(--wp--preset--spacing--30)\" data-block-type=\"core\"><h3 class=\"wp-block-post-title has-large-font-size\" data-block-type=\"core\"><a href=\"https:\/\/www.campingjard.fr\/en\/editorial\/week-end-paques-camping-vendee-bord-de-mer\/\" target=\"_self\" >Easter weekend camping Vend\u00e9e seaside<\/a><\/h3><\/div>\n\n<\/li><li class=\"wp-block-post post-236681 editorial type-editorial status-publish has-post-thumbnail hentry\">\n\n<div class=\"wp-block-group alignfull is-content-justification-space-between is-nowrap is-layout-flex wp-container-core-group-is-layout-154222c2 wp-block-group-is-layout-flex\" style=\"border-bottom-color:var(--wp--preset--color--accent-6);border-bottom-width:1px;padding-top:var(--wp--preset--spacing--30);padding-bottom:var(--wp--preset--spacing--30)\" data-block-type=\"core\"><h3 class=\"wp-block-post-title has-large-font-size\" data-block-type=\"core\"><a href=\"https:\/\/www.campingjard.fr\/en\/editorial\/mobil-home-climatise-vendee-bord-de-mer\/\" target=\"_self\" >Air-conditioned mobile home Vend\u00e9e seaside<\/a><\/h3><\/div>\n\n<\/li><li class=\"wp-block-post post-236664 editorial type-editorial status-publish has-post-thumbnail hentry\">\n\n<div class=\"wp-block-group alignfull is-content-justification-space-between is-nowrap is-layout-flex wp-container-core-group-is-layout-154222c2 wp-block-group-is-layout-flex\" style=\"border-bottom-color:var(--wp--preset--color--accent-6);border-bottom-width:1px;padding-top:var(--wp--preset--spacing--30);padding-bottom:var(--wp--preset--spacing--30)\" data-block-type=\"core\"><h3 class=\"wp-block-post-title has-large-font-size\" data-block-type=\"core\"><a href=\"https:\/\/www.campingjard.fr\/en\/editorial\/visiter-pays-saint-gilles-croix-de-vie\/\" target=\"_self\" >Visiting the Saint-Gilles-Croix-de-Vie area<\/a><\/h3><\/div>\n\n<\/li><li class=\"wp-block-post post-236661 editorial type-editorial status-publish has-post-thumbnail hentry\">\n\n<div class=\"wp-block-group alignfull is-content-justification-space-between is-nowrap is-layout-flex wp-container-core-group-is-layout-154222c2 wp-block-group-is-layout-flex\" style=\"border-bottom-color:var(--wp--preset--color--accent-6);border-bottom-width:1px;padding-top:var(--wp--preset--spacing--30);padding-bottom:var(--wp--preset--spacing--30)\" data-block-type=\"core\"><h3 class=\"wp-block-post-title has-large-font-size\" data-block-type=\"core\"><a href=\"https:\/\/www.campingjard.fr\/en\/editorial\/location-pmr-vendee-bord-de-mer\/\" target=\"_self\" >Location PMR Vend\u00e9e Bord de Mer<\/a><\/h3><\/div>\n\n<\/li><li class=\"wp-block-post post-236655 editorial type-editorial status-publish has-post-thumbnail hentry\">\n\n<div class=\"wp-block-group alignfull is-content-justification-space-between is-nowrap is-layout-flex wp-container-core-group-is-layout-154222c2 wp-block-group-is-layout-flex\" style=\"border-bottom-color:var(--wp--preset--color--accent-6);border-bottom-width:1px;padding-top:var(--wp--preset--spacing--30);padding-bottom:var(--wp--preset--spacing--30)\" data-block-type=\"core\"><h3 class=\"wp-block-post-title has-large-font-size\" data-block-type=\"core\"><a href=\"https:\/\/www.campingjard.fr\/en\/editorial\/experience-camping-paradis-jard-sur-mer\/\" target=\"_self\" >Experience Camping Paradis Jard-sur-Mer<\/a><\/h3><\/div>\n\n<\/li><li class=\"wp-block-post post-236636 editorial type-editorial status-publish has-post-thumbnail hentry\">\n\n<div class=\"wp-block-group alignfull is-content-justification-space-between is-nowrap is-layout-flex wp-container-core-group-is-layout-154222c2 wp-block-group-is-layout-flex\" style=\"border-bottom-color:var(--wp--preset--color--accent-6);border-bottom-width:1px;padding-top:var(--wp--preset--spacing--30);padding-bottom:var(--wp--preset--spacing--30)\" data-block-type=\"core\"><h3 class=\"wp-block-post-title has-large-font-size\" data-block-type=\"core\"><a href=\"https:\/\/www.campingjard.fr\/en\/editorial\/camping-avec-les-meilleurs-avis-a-jard-sur-mer\/\" target=\"_self\" >Campsite with the best reviews in Jard sur Mer<\/a><\/h3><\/div>\n\n<\/li><li class=\"wp-block-post post-236633 editorial type-editorial status-publish has-post-thumbnail hentry\">\n\n<div class=\"wp-block-group alignfull is-content-justification-space-between is-nowrap is-layout-flex wp-container-core-group-is-layout-154222c2 wp-block-group-is-layout-flex\" style=\"border-bottom-color:var(--wp--preset--color--accent-6);border-bottom-width:1px;padding-top:var(--wp--preset--spacing--30);padding-bottom:var(--wp--preset--spacing--30)\" data-block-type=\"core\"><h3 class=\"wp-block-post-title has-large-font-size\" data-block-type=\"core\"><a href=\"https:\/\/www.campingjard.fr\/en\/editorial\/quel-camping-proche-mer-est-le-meilleur-en-vendee\/\" target=\"_self\" >Which campsite near the sea is the best in the Vend\u00e9e?<\/a><\/h3><\/div>\n\n<\/li><li class=\"wp-block-post post-236630 editorial type-editorial status-publish has-post-thumbnail hentry\">\n\n<div class=\"wp-block-group alignfull is-content-justification-space-between is-nowrap is-layout-flex wp-container-core-group-is-layout-154222c2 wp-block-group-is-layout-flex\" style=\"border-bottom-color:var(--wp--preset--color--accent-6);border-bottom-width:1px;padding-top:var(--wp--preset--spacing--30);padding-bottom:var(--wp--preset--spacing--30)\" data-block-type=\"core\"><h3 class=\"wp-block-post-title has-large-font-size\" data-block-type=\"core\"><a href=\"https:\/\/www.campingjard.fr\/en\/editorial\/choisir-un-camping-ideal-pour-toute-la-famille-en-vendee\/\" target=\"_self\" >Choosing the ideal campsite for all the family in Vend\u00e9e<\/a><\/h3><\/div>\n\n<\/li><li class=\"wp-block-post post-236625 editorial type-editorial status-publish has-post-thumbnail hentry\">\n\n<div class=\"wp-block-group alignfull is-content-justification-space-between is-nowrap is-layout-flex wp-container-core-group-is-layout-154222c2 wp-block-group-is-layout-flex\" style=\"border-bottom-color:var(--wp--preset--color--accent-6);border-bottom-width:1px;padding-top:var(--wp--preset--spacing--30);padding-bottom:var(--wp--preset--spacing--30)\" data-block-type=\"core\"><h3 class=\"wp-block-post-title has-large-font-size\" data-block-type=\"core\"><a href=\"https:\/\/www.campingjard.fr\/en\/editorial\/trouver-la-location-au-meilleur-prix-cet-ete-en-vendee\/\" target=\"_self\" >Find the best rental deal this summer in Vend\u00e9e<\/a><\/h3><\/div>\n\n<\/li><li class=\"wp-block-post post-236621 editorial type-editorial status-publish has-post-thumbnail hentry\">\n\n<div class=\"wp-block-group alignfull is-content-justification-space-between is-nowrap is-layout-flex wp-container-core-group-is-layout-154222c2 wp-block-group-is-layout-flex\" style=\"border-bottom-color:var(--wp--preset--color--accent-6);border-bottom-width:1px;padding-top:var(--wp--preset--spacing--30);padding-bottom:var(--wp--preset--spacing--30)\" data-block-type=\"core\"><h3 class=\"wp-block-post-title has-large-font-size\" data-block-type=\"core\"><a href=\"https:\/\/www.campingjard.fr\/en\/editorial\/louer-un-mobil-home-au-meilleur-prix-vendee\/\" target=\"_self\" >Rent a mobile home at the best price Vend\u00e9e<\/a><\/h3><\/div>\n\n<\/li><li class=\"wp-block-post post-236242 editorial type-editorial status-publish has-post-thumbnail hentry\">\n\n<div class=\"wp-block-group alignfull is-content-justification-space-between is-nowrap is-layout-flex wp-container-core-group-is-layout-154222c2 wp-block-group-is-layout-flex\" style=\"border-bottom-color:var(--wp--preset--color--accent-6);border-bottom-width:1px;padding-top:var(--wp--preset--spacing--30);padding-bottom:var(--wp--preset--spacing--30)\" data-block-type=\"core\"><h3 class=\"wp-block-post-title has-large-font-size\" data-block-type=\"core\"><a href=\"https:\/\/www.campingjard.fr\/en\/editorial\/comment-choisir-camping-4-etoiles-jard-sur-mer\/\" target=\"_self\" >How to choose a 4-star campsite Jard sur Mer<\/a><\/h3><\/div>\n\n<\/li><li class=\"wp-block-post post-236229 editorial type-editorial status-publish has-post-thumbnail hentry\">\n\n<div class=\"wp-block-group alignfull is-content-justification-space-between is-nowrap is-layout-flex wp-container-core-group-is-layout-154222c2 wp-block-group-is-layout-flex\" style=\"border-bottom-color:var(--wp--preset--color--accent-6);border-bottom-width:1px;padding-top:var(--wp--preset--spacing--30);padding-bottom:var(--wp--preset--spacing--30)\" data-block-type=\"core\"><h3 class=\"wp-block-post-title has-large-font-size\" data-block-type=\"core\"><a href=\"https:\/\/www.campingjard.fr\/en\/editorial\/opter-pour-un-camping-calme-proche-mer-vendee\/\" target=\"_self\" >Choose a quiet campsite near the Vend\u00e9e sea<\/a><\/h3><\/div>\n\n<\/li><li class=\"wp-block-post post-236227 editorial type-editorial status-publish has-post-thumbnail hentry\">\n\n<div class=\"wp-block-group alignfull is-content-justification-space-between is-nowrap is-layout-flex wp-container-core-group-is-layout-154222c2 wp-block-group-is-layout-flex\" style=\"border-bottom-color:var(--wp--preset--color--accent-6);border-bottom-width:1px;padding-top:var(--wp--preset--spacing--30);padding-bottom:var(--wp--preset--spacing--30)\" data-block-type=\"core\"><h3 class=\"wp-block-post-title has-large-font-size\" data-block-type=\"core\"><a href=\"https:\/\/www.campingjard.fr\/en\/editorial\/quel-camping-pour-faire-du-velo-en-vendee\/\" target=\"_self\" >Which campsite is best for cycling in the Vend\u00e9e?<\/a><\/h3><\/div>\n\n<\/li><li class=\"wp-block-post post-236224 editorial type-editorial status-publish has-post-thumbnail hentry\">\n\n<div class=\"wp-block-group alignfull is-content-justification-space-between is-nowrap is-layout-flex wp-container-core-group-is-layout-154222c2 wp-block-group-is-layout-flex\" style=\"border-bottom-color:var(--wp--preset--color--accent-6);border-bottom-width:1px;padding-top:var(--wp--preset--spacing--30);padding-bottom:var(--wp--preset--spacing--30)\" data-block-type=\"core\"><h3 class=\"wp-block-post-title has-large-font-size\" data-block-type=\"core\"><a href=\"https:\/\/www.campingjard.fr\/en\/editorial\/trouver-camping-ideal-surf-vendee\/\" target=\"_self\" >Find the ideal campsite in Vend\u00e9e<\/a><\/h3><\/div>\n\n<\/li><li class=\"wp-block-post post-236218 editorial type-editorial status-publish has-post-thumbnail hentry\">\n\n<div class=\"wp-block-group alignfull is-content-justification-space-between is-nowrap is-layout-flex wp-container-core-group-is-layout-154222c2 wp-block-group-is-layout-flex\" style=\"border-bottom-color:var(--wp--preset--color--accent-6);border-bottom-width:1px;padding-top:var(--wp--preset--spacing--30);padding-bottom:var(--wp--preset--spacing--30)\" data-block-type=\"core\"><h3 class=\"wp-block-post-title has-large-font-size\" data-block-type=\"core\"><a href=\"https:\/\/www.campingjard.fr\/en\/editorial\/choisir-camping-de-qualite-a-jard-sur-mer\/\" target=\"_self\" >Choose a quality campsite in Jard sur Mer<\/a><\/h3><\/div>\n\n<\/li><li class=\"wp-block-post post-233978 editorial type-editorial status-publish has-post-thumbnail hentry\">\n\n<div class=\"wp-block-group alignfull is-content-justification-space-between is-nowrap is-layout-flex wp-container-core-group-is-layout-154222c2 wp-block-group-is-layout-flex\" style=\"border-bottom-color:var(--wp--preset--color--accent-6);border-bottom-width:1px;padding-top:var(--wp--preset--spacing--30);padding-bottom:var(--wp--preset--spacing--30)\" data-block-type=\"core\"><h3 class=\"wp-block-post-title has-large-font-size\" data-block-type=\"core\"><a href=\"https:\/\/www.campingjard.fr\/en\/editorial\/camping-avec-randonnee-proche-des-sables-dolonne\/\" target=\"_self\" >Campsite with hiking near Les Sables d'Olonne<\/a><\/h3><\/div>\n\n<\/li><li class=\"wp-block-post post-233968 editorial type-editorial status-publish has-post-thumbnail hentry\">\n\n<div class=\"wp-block-group alignfull is-content-justification-space-between is-nowrap is-layout-flex wp-container-core-group-is-layout-154222c2 wp-block-group-is-layout-flex\" style=\"border-bottom-color:var(--wp--preset--color--accent-6);border-bottom-width:1px;padding-top:var(--wp--preset--spacing--30);padding-bottom:var(--wp--preset--spacing--30)\" data-block-type=\"core\"><h3 class=\"wp-block-post-title has-large-font-size\" data-block-type=\"core\"><a href=\"https:\/\/www.campingjard.fr\/en\/editorial\/camping-nature-jard-sur-mer\/\" target=\"_self\" >Nature campsite Jard sur Mer<\/a><\/h3><\/div>\n\n<\/li><li class=\"wp-block-post post-233875 editorial type-editorial status-publish has-post-thumbnail hentry\">\n\n<div class=\"wp-block-group alignfull is-content-justification-space-between is-nowrap is-layout-flex wp-container-core-group-is-layout-154222c2 wp-block-group-is-layout-flex\" style=\"border-bottom-color:var(--wp--preset--color--accent-6);border-bottom-width:1px;padding-top:var(--wp--preset--spacing--30);padding-bottom:var(--wp--preset--spacing--30)\" data-block-type=\"core\"><h3 class=\"wp-block-post-title has-large-font-size\" data-block-type=\"core\"><a href=\"https:\/\/www.campingjard.fr\/en\/editorial\/camping-club-ados-jard-sur-mer\/\" target=\"_self\" >Camping club ados Jard sur Mer<\/a><\/h3><\/div>\n\n<\/li><li class=\"wp-block-post post-233764 editorial type-editorial status-publish has-post-thumbnail hentry\">\n\n<div class=\"wp-block-group alignfull is-content-justification-space-between is-nowrap is-layout-flex wp-container-core-group-is-layout-154222c2 wp-block-group-is-layout-flex\" style=\"border-bottom-color:var(--wp--preset--color--accent-6);border-bottom-width:1px;padding-top:var(--wp--preset--spacing--30);padding-bottom:var(--wp--preset--spacing--30)\" data-block-type=\"core\"><h3 class=\"wp-block-post-title has-large-font-size\" data-block-type=\"core\"><a href=\"https:\/\/www.campingjard.fr\/en\/editorial\/camping-club-ados-en-vendee\/\" target=\"_self\" >Camping Club ados en Vend\u00e9e<\/a><\/h3><\/div>\n\n<\/li><li class=\"wp-block-post post-233805 editorial type-editorial status-publish has-post-thumbnail hentry\">\n\n<div class=\"wp-block-group alignfull is-content-justification-space-between is-nowrap is-layout-flex wp-container-core-group-is-layout-154222c2 wp-block-group-is-layout-flex\" style=\"border-bottom-color:var(--wp--preset--color--accent-6);border-bottom-width:1px;padding-top:var(--wp--preset--spacing--30);padding-bottom:var(--wp--preset--spacing--30)\" data-block-type=\"core\"><h3 class=\"wp-block-post-title has-large-font-size\" data-block-type=\"core\"><a href=\"https:\/\/www.campingjard.fr\/en\/editorial\/location-premium-proche-les-sables-dolonne\/\" target=\"_self\" >Premium rental near Les Sables d'Olonne<\/a><\/h3><\/div>\n\n<\/li><li class=\"wp-block-post post-233583 editorial type-editorial status-publish has-post-thumbnail hentry\">\n\n<div class=\"wp-block-group alignfull is-content-justification-space-between is-nowrap is-layout-flex wp-container-core-group-is-layout-154222c2 wp-block-group-is-layout-flex\" style=\"border-bottom-color:var(--wp--preset--color--accent-6);border-bottom-width:1px;padding-top:var(--wp--preset--spacing--30);padding-bottom:var(--wp--preset--spacing--30)\" data-block-type=\"core\"><h3 class=\"wp-block-post-title has-large-font-size\" data-block-type=\"core\"><a href=\"https:\/\/www.campingjard.fr\/en\/editorial\/location-premium-vendee\/\" target=\"_self\" >Premium rental in Vend\u00e9e<\/a><\/h3><\/div>\n\n<\/li><li class=\"wp-block-post post-233511 editorial type-editorial status-publish has-post-thumbnail hentry\">\n\n<div class=\"wp-block-group alignfull is-content-justification-space-between is-nowrap is-layout-flex wp-container-core-group-is-layout-154222c2 wp-block-group-is-layout-flex\" style=\"border-bottom-color:var(--wp--preset--color--accent-6);border-bottom-width:1px;padding-top:var(--wp--preset--spacing--30);padding-bottom:var(--wp--preset--spacing--30)\" data-block-type=\"core\"><h3 class=\"wp-block-post-title has-large-font-size\" data-block-type=\"core\"><a href=\"https:\/\/www.campingjard.fr\/en\/editorial\/vacances-littoral-vendeen-proche-ile-de-re\/\" target=\"_self\" >Holidays on the Vend\u00e9e coast near L'\u00eele de R\u00e9<\/a><\/h3><\/div>\n\n<\/li><li class=\"wp-block-post post-233386 editorial type-editorial status-publish has-post-thumbnail hentry\">\n\n<div class=\"wp-block-group alignfull is-content-justification-space-between is-nowrap is-layout-flex wp-container-core-group-is-layout-154222c2 wp-block-group-is-layout-flex\" style=\"border-bottom-color:var(--wp--preset--color--accent-6);border-bottom-width:1px;padding-top:var(--wp--preset--spacing--30);padding-bottom:var(--wp--preset--spacing--30)\" data-block-type=\"core\"><h3 class=\"wp-block-post-title has-large-font-size\" data-block-type=\"core\"><a href=\"https:\/\/www.campingjard.fr\/en\/editorial\/camping-paradis-proche-activites-nautiques-cote-atlantique\/\" target=\"_self\" >Camping Paradis close to water sports activities on the Atlantic coast<\/a><\/h3><\/div>\n\n<\/li><li class=\"wp-block-post post-233282 editorial type-editorial status-publish has-post-thumbnail hentry\">\n\n<div class=\"wp-block-group alignfull is-content-justification-space-between is-nowrap is-layout-flex wp-container-core-group-is-layout-154222c2 wp-block-group-is-layout-flex\" style=\"border-bottom-color:var(--wp--preset--color--accent-6);border-bottom-width:1px;padding-top:var(--wp--preset--spacing--30);padding-bottom:var(--wp--preset--spacing--30)\" data-block-type=\"core\"><h3 class=\"wp-block-post-title has-large-font-size\" data-block-type=\"core\"><a href=\"https:\/\/www.campingjard.fr\/en\/editorial\/camping-paradis-proche-activites-nautiques-vendee\/\" target=\"_self\" >Camping Paradis close to water sports activities in Vend\u00e9e<\/a><\/h3><\/div>\n\n<\/li><li class=\"wp-block-post post-233210 editorial type-editorial status-publish has-post-thumbnail hentry\">\n\n<div class=\"wp-block-group alignfull is-content-justification-space-between is-nowrap is-layout-flex wp-container-core-group-is-layout-154222c2 wp-block-group-is-layout-flex\" style=\"border-bottom-color:var(--wp--preset--color--accent-6);border-bottom-width:1px;padding-top:var(--wp--preset--spacing--30);padding-bottom:var(--wp--preset--spacing--30)\" data-block-type=\"core\"><h3 class=\"wp-block-post-title has-large-font-size\" data-block-type=\"core\"><a href=\"https:\/\/www.campingjard.fr\/en\/editorial\/hebergement-pour-surfeurs-sur-la-cote-atlantique\/\" target=\"_self\" >Accommodation for surfers on the Atlantic coast<\/a><\/h3><\/div>\n\n<\/li><li class=\"wp-block-post post-233068 editorial type-editorial status-publish has-post-thumbnail hentry\">\n\n<div class=\"wp-block-group alignfull is-content-justification-space-between is-nowrap is-layout-flex wp-container-core-group-is-layout-154222c2 wp-block-group-is-layout-flex\" style=\"border-bottom-color:var(--wp--preset--color--accent-6);border-bottom-width:1px;padding-top:var(--wp--preset--spacing--30);padding-bottom:var(--wp--preset--spacing--30)\" data-block-type=\"core\"><h3 class=\"wp-block-post-title has-large-font-size\" data-block-type=\"core\"><a href=\"https:\/\/www.campingjard.fr\/en\/editorial\/camping-proche-activites-nautiques-sur-la-cote-atlantique\/\" target=\"_self\" >Campsite close to water sports activities on the Atlantic coast<\/a><\/h3><\/div>\n\n<\/li><li class=\"wp-block-post post-232986 editorial type-editorial status-publish has-post-thumbnail hentry\">\n\n<div class=\"wp-block-group alignfull is-content-justification-space-between is-nowrap is-layout-flex wp-container-core-group-is-layout-154222c2 wp-block-group-is-layout-flex\" style=\"border-bottom-color:var(--wp--preset--color--accent-6);border-bottom-width:1px;padding-top:var(--wp--preset--spacing--30);padding-bottom:var(--wp--preset--spacing--30)\" data-block-type=\"core\"><h3 class=\"wp-block-post-title has-large-font-size\" data-block-type=\"core\"><a href=\"https:\/\/www.campingjard.fr\/en\/editorial\/camping-proche-activites-nautiques-vendee\/\" target=\"_self\" >Campsite close to water sports activities in the Vend\u00e9e<\/a><\/h3><\/div>\n\n<\/li><li class=\"wp-block-post post-232868 editorial type-editorial status-publish has-post-thumbnail hentry\">\n\n<div class=\"wp-block-group alignfull is-content-justification-space-between is-nowrap is-layout-flex wp-container-core-group-is-layout-154222c2 wp-block-group-is-layout-flex\" style=\"border-bottom-color:var(--wp--preset--color--accent-6);border-bottom-width:1px;padding-top:var(--wp--preset--spacing--30);padding-bottom:var(--wp--preset--spacing--30)\" data-block-type=\"core\"><h3 class=\"wp-block-post-title has-large-font-size\" data-block-type=\"core\"><a href=\"https:\/\/www.campingjard.fr\/en\/editorial\/camping-cote-atlantique-pres-des-marches-dete\/\" target=\"_self\" >Atlantic coast campsite near the summer markets<\/a><\/h3><\/div>\n\n<\/li><li class=\"wp-block-post post-232779 editorial type-editorial status-publish has-post-thumbnail hentry\">\n\n<div class=\"wp-block-group alignfull is-content-justification-space-between is-nowrap is-layout-flex wp-container-core-group-is-layout-154222c2 wp-block-group-is-layout-flex\" style=\"border-bottom-color:var(--wp--preset--color--accent-6);border-bottom-width:1px;padding-top:var(--wp--preset--spacing--30);padding-bottom:var(--wp--preset--spacing--30)\" data-block-type=\"core\"><h3 class=\"wp-block-post-title has-large-font-size\" data-block-type=\"core\"><a href=\"https:\/\/www.campingjard.fr\/en\/editorial\/location-cote-atlantique-proche-la-rochelle\/\" target=\"_self\" >Rentals on the Atlantic coast near La Rochelle<\/a><\/h3><\/div>\n\n<\/li><li class=\"wp-block-post post-232738 editorial type-editorial status-publish has-post-thumbnail hentry\">\n\n<div class=\"wp-block-group alignfull is-content-justification-space-between is-nowrap is-layout-flex wp-container-core-group-is-layout-154222c2 wp-block-group-is-layout-flex\" style=\"border-bottom-color:var(--wp--preset--color--accent-6);border-bottom-width:1px;padding-top:var(--wp--preset--spacing--30);padding-bottom:var(--wp--preset--spacing--30)\" data-block-type=\"core\"><h3 class=\"wp-block-post-title has-large-font-size\" data-block-type=\"core\"><a href=\"https:\/\/www.campingjard.fr\/en\/editorial\/vacances-cote-atlantique-ile-de-re\/\" target=\"_self\" >Holidays on the Atlantic coast near L'\u00eele de R\u00e9<\/a><\/h3><\/div>\n\n<\/li><li class=\"wp-block-post post-232480 editorial type-editorial status-publish has-post-thumbnail hentry\">\n\n<div class=\"wp-block-group alignfull is-content-justification-space-between is-nowrap is-layout-flex wp-container-core-group-is-layout-154222c2 wp-block-group-is-layout-flex\" style=\"border-bottom-color:var(--wp--preset--color--accent-6);border-bottom-width:1px;padding-top:var(--wp--preset--spacing--30);padding-bottom:var(--wp--preset--spacing--30)\" data-block-type=\"core\"><h3 class=\"wp-block-post-title has-large-font-size\" data-block-type=\"core\"><a href=\"https:\/\/www.campingjard.fr\/en\/editorial\/camping-sur-la-cote-atlantique-proche-des-iles-vendeennes\/\" target=\"_self\" >Campsite on the Atlantic coast near the Vend\u00e9e islands<\/a><\/h3><\/div>\n\n<\/li><li class=\"wp-block-post post-232448 editorial type-editorial status-publish has-post-thumbnail hentry\">\n\n<div class=\"wp-block-group alignfull is-content-justification-space-between is-nowrap is-layout-flex wp-container-core-group-is-layout-154222c2 wp-block-group-is-layout-flex\" style=\"border-bottom-color:var(--wp--preset--color--accent-6);border-bottom-width:1px;padding-top:var(--wp--preset--spacing--30);padding-bottom:var(--wp--preset--spacing--30)\" data-block-type=\"core\"><h3 class=\"wp-block-post-title has-large-font-size\" data-block-type=\"core\"><a href=\"https:\/\/www.campingjard.fr\/en\/editorial\/camping-proche-activites-nautiques-jard-sur-mer\/\" target=\"_self\" >Campsite near water sports activities in Jard sur Mer<\/a><\/h3><\/div>\n\n<\/li><li class=\"wp-block-post post-232178 editorial type-editorial status-publish has-post-thumbnail hentry\">\n\n<div class=\"wp-block-group alignfull is-content-justification-space-between is-nowrap is-layout-flex wp-container-core-group-is-layout-154222c2 wp-block-group-is-layout-flex\" style=\"border-bottom-color:var(--wp--preset--color--accent-6);border-bottom-width:1px;padding-top:var(--wp--preset--spacing--30);padding-bottom:var(--wp--preset--spacing--30)\" data-block-type=\"core\"><h3 class=\"wp-block-post-title has-large-font-size\" data-block-type=\"core\"><a href=\"https:\/\/www.campingjard.fr\/en\/editorial\/hebergement-surfeurs-jard-sur-mer\/\" target=\"_self\" >Accommodation for surfers in Jard sur Mer<\/a><\/h3><\/div>\n\n<\/li><li class=\"wp-block-post post-232129 editorial type-editorial status-publish has-post-thumbnail hentry\">\n\n<div class=\"wp-block-group alignfull is-content-justification-space-between is-nowrap is-layout-flex wp-container-core-group-is-layout-154222c2 wp-block-group-is-layout-flex\" style=\"border-bottom-color:var(--wp--preset--color--accent-6);border-bottom-width:1px;padding-top:var(--wp--preset--spacing--30);padding-bottom:var(--wp--preset--spacing--30)\" data-block-type=\"core\"><h3 class=\"wp-block-post-title has-large-font-size\" data-block-type=\"core\"><a href=\"https:\/\/www.campingjard.fr\/en\/editorial\/camping-paradis-proche-la-rochelle\/\" target=\"_self\" >Camping Paradis near La Rochelle<\/a><\/h3><\/div>\n\n<\/li><li class=\"wp-block-post post-232139 editorial type-editorial status-publish has-post-thumbnail hentry\">\n\n<div class=\"wp-block-group alignfull is-content-justification-space-between is-nowrap is-layout-flex wp-container-core-group-is-layout-154222c2 wp-block-group-is-layout-flex\" style=\"border-bottom-color:var(--wp--preset--color--accent-6);border-bottom-width:1px;padding-top:var(--wp--preset--spacing--30);padding-bottom:var(--wp--preset--spacing--30)\" data-block-type=\"core\"><h3 class=\"wp-block-post-title has-large-font-size\" data-block-type=\"core\"><a href=\"https:\/\/www.campingjard.fr\/en\/editorial\/camping-jard-sur-mer-proche-marches-dete\/\" target=\"_self\" >Campsite in Jard sur Mer close to the summer markets<\/a><\/h3><\/div>\n\n<\/li><li class=\"wp-block-post post-231657 editorial type-editorial status-publish has-post-thumbnail hentry\">\n\n<div class=\"wp-block-group alignfull is-content-justification-space-between is-nowrap is-layout-flex wp-container-core-group-is-layout-154222c2 wp-block-group-is-layout-flex\" style=\"border-bottom-color:var(--wp--preset--color--accent-6);border-bottom-width:1px;padding-top:var(--wp--preset--spacing--30);padding-bottom:var(--wp--preset--spacing--30)\" data-block-type=\"core\"><h3 class=\"wp-block-post-title has-large-font-size\" data-block-type=\"core\"><a href=\"https:\/\/www.campingjard.fr\/en\/editorial\/camping-4-etoiles-taille-humaine-cote-atlantique\/\" target=\"_self\" >4-star campsite on a human scale on the Atlantic coast<\/a><\/h3><\/div>\n\n<\/li><li class=\"wp-block-post post-231649 editorial type-editorial status-publish has-post-thumbnail hentry\">\n\n<div class=\"wp-block-group alignfull is-content-justification-space-between is-nowrap is-layout-flex wp-container-core-group-is-layout-154222c2 wp-block-group-is-layout-flex\" style=\"border-bottom-color:var(--wp--preset--color--accent-6);border-bottom-width:1px;padding-top:var(--wp--preset--spacing--30);padding-bottom:var(--wp--preset--spacing--30)\" data-block-type=\"core\"><h3 class=\"wp-block-post-title has-large-font-size\" data-block-type=\"core\"><a href=\"https:\/\/www.campingjard.fr\/en\/editorial\/location-emplacement-spacieux-vendee\/\" target=\"_self\" >Spacious pitch rental Vend\u00e9e<\/a><\/h3><\/div>\n\n<\/li><li class=\"wp-block-post post-231640 editorial type-editorial status-publish has-post-thumbnail hentry\">\n\n<div class=\"wp-block-group alignfull is-content-justification-space-between is-nowrap is-layout-flex wp-container-core-group-is-layout-154222c2 wp-block-group-is-layout-flex\" style=\"border-bottom-color:var(--wp--preset--color--accent-6);border-bottom-width:1px;padding-top:var(--wp--preset--spacing--30);padding-bottom:var(--wp--preset--spacing--30)\" data-block-type=\"core\"><h3 class=\"wp-block-post-title has-large-font-size\" data-block-type=\"core\"><a href=\"https:\/\/www.campingjard.fr\/en\/editorial\/location-emplacements-bord-mer-vendee\/\" target=\"_self\" >Pitches for rent by the sea Vend\u00e9e<\/a><\/h3><\/div>\n\n<\/li><li class=\"wp-block-post post-231631 editorial type-editorial status-publish has-post-thumbnail hentry\">\n\n<div class=\"wp-block-group alignfull is-content-justification-space-between is-nowrap is-layout-flex wp-container-core-group-is-layout-154222c2 wp-block-group-is-layout-flex\" style=\"border-bottom-color:var(--wp--preset--color--accent-6);border-bottom-width:1px;padding-top:var(--wp--preset--spacing--30);padding-bottom:var(--wp--preset--spacing--30)\" data-block-type=\"core\"><h3 class=\"wp-block-post-title has-large-font-size\" data-block-type=\"core\"><a href=\"https:\/\/www.campingjard.fr\/en\/editorial\/location-emplacement-spacieux-cote-atlantique\/\" target=\"_self\" >Rent a spacious pitch on the Atlantic coast<\/a><\/h3><\/div>\n\n<\/li><li class=\"wp-block-post post-231586 editorial type-editorial status-publish has-post-thumbnail hentry\">\n\n<div class=\"wp-block-group alignfull is-content-justification-space-between is-nowrap is-layout-flex wp-container-core-group-is-layout-154222c2 wp-block-group-is-layout-flex\" style=\"border-bottom-color:var(--wp--preset--color--accent-6);border-bottom-width:1px;padding-top:var(--wp--preset--spacing--30);padding-bottom:var(--wp--preset--spacing--30)\" data-block-type=\"core\"><h3 class=\"wp-block-post-title has-large-font-size\" data-block-type=\"core\"><a href=\"https:\/\/www.campingjard.fr\/en\/editorial\/locations-camping-proche-rochelle\/\" target=\"_self\" >Campsite rentals near La Rochelle<\/a><\/h3><\/div>\n\n<\/li><li class=\"wp-block-post post-231549 editorial type-editorial status-publish has-post-thumbnail hentry\">\n\n<div class=\"wp-block-group alignfull is-content-justification-space-between is-nowrap is-layout-flex wp-container-core-group-is-layout-154222c2 wp-block-group-is-layout-flex\" style=\"border-bottom-color:var(--wp--preset--color--accent-6);border-bottom-width:1px;padding-top:var(--wp--preset--spacing--30);padding-bottom:var(--wp--preset--spacing--30)\" data-block-type=\"core\"><h3 class=\"wp-block-post-title has-large-font-size\" data-block-type=\"core\"><a href=\"https:\/\/www.campingjard.fr\/en\/editorial\/camping-jard-sur-mer-proche-des-iles-vendeennes\/\" target=\"_self\" >Jard sur mer campsite near the Vend\u00e9e islands<\/a><\/h3><\/div>\n\n<\/li><li class=\"wp-block-post post-231462 editorial type-editorial status-publish has-post-thumbnail hentry\">\n\n<div class=\"wp-block-group alignfull is-content-justification-space-between is-nowrap is-layout-flex wp-container-core-group-is-layout-154222c2 wp-block-group-is-layout-flex\" style=\"border-bottom-color:var(--wp--preset--color--accent-6);border-bottom-width:1px;padding-top:var(--wp--preset--spacing--30);padding-bottom:var(--wp--preset--spacing--30)\" data-block-type=\"core\"><h3 class=\"wp-block-post-title has-large-font-size\" data-block-type=\"core\"><a href=\"https:\/\/www.campingjard.fr\/en\/editorial\/vacances-jard-sur-mer-proche-lile-de-re\/\" target=\"_self\" >Holidays in Jard sur Mer near L'\u00eele de R\u00e9<\/a><\/h3><\/div>\n\n<\/li><li class=\"wp-block-post post-231279 editorial type-editorial status-publish has-post-thumbnail hentry\">\n\n<div class=\"wp-block-group alignfull is-content-justification-space-between is-nowrap is-layout-flex wp-container-core-group-is-layout-154222c2 wp-block-group-is-layout-flex\" style=\"border-bottom-color:var(--wp--preset--color--accent-6);border-bottom-width:1px;padding-top:var(--wp--preset--spacing--30);padding-bottom:var(--wp--preset--spacing--30)\" data-block-type=\"core\"><h3 class=\"wp-block-post-title has-large-font-size\" data-block-type=\"core\"><a href=\"https:\/\/www.campingjard.fr\/en\/editorial\/camping-4-etoiles-taille-humaine-vendee\/\" target=\"_self\" >4-star campsite on a human scale in the Vend\u00e9e<\/a><\/h3><\/div>\n\n<\/li><li class=\"wp-block-post post-231271 editorial type-editorial status-publish has-post-thumbnail hentry\">\n\n<div class=\"wp-block-group alignfull is-content-justification-space-between is-nowrap is-layout-flex wp-container-core-group-is-layout-154222c2 wp-block-group-is-layout-flex\" style=\"border-bottom-color:var(--wp--preset--color--accent-6);border-bottom-width:1px;padding-top:var(--wp--preset--spacing--30);padding-bottom:var(--wp--preset--spacing--30)\" data-block-type=\"core\"><h3 class=\"wp-block-post-title has-large-font-size\" data-block-type=\"core\"><a href=\"https:\/\/www.campingjard.fr\/en\/editorial\/location-sur-littoral-atlantique-proche-de-la-rochelle\/\" target=\"_self\" >Rentals on the Atlantic coast near La Rochelle<\/a><\/h3><\/div>\n\n<\/li><li class=\"wp-block-post post-231214 editorial type-editorial status-publish has-post-thumbnail hentry\">\n\n<div class=\"wp-block-group alignfull is-content-justification-space-between is-nowrap is-layout-flex wp-container-core-group-is-layout-154222c2 wp-block-group-is-layout-flex\" style=\"border-bottom-color:var(--wp--preset--color--accent-6);border-bottom-width:1px;padding-top:var(--wp--preset--spacing--30);padding-bottom:var(--wp--preset--spacing--30)\" data-block-type=\"core\"><h3 class=\"wp-block-post-title has-large-font-size\" data-block-type=\"core\"><a href=\"https:\/\/www.campingjard.fr\/en\/editorial\/camping-paradis-bord-de-mer-cote-atlantique\/\" target=\"_self\" >Camping Paradis bord de mer c\u00f4te Atlantique<\/a><\/h3><\/div>\n\n<\/li><li class=\"wp-block-post post-230876 editorial type-editorial status-publish has-post-thumbnail hentry\">\n\n<div class=\"wp-block-group alignfull is-content-justification-space-between is-nowrap is-layout-flex wp-container-core-group-is-layout-154222c2 wp-block-group-is-layout-flex\" style=\"border-bottom-color:var(--wp--preset--color--accent-6);border-bottom-width:1px;padding-top:var(--wp--preset--spacing--30);padding-bottom:var(--wp--preset--spacing--30)\" data-block-type=\"core\"><h3 class=\"wp-block-post-title has-large-font-size\" data-block-type=\"core\"><a href=\"https:\/\/www.campingjard.fr\/en\/editorial\/hebergement-surfeur-vendee\/\" target=\"_self\" >Accommodation for surfers in Vend\u00e9e<\/a><\/h3><\/div>\n\n<\/li><li class=\"wp-block-post post-230821 editorial type-editorial status-publish has-post-thumbnail hentry\">\n\n<div class=\"wp-block-group alignfull is-content-justification-space-between is-nowrap is-layout-flex wp-container-core-group-is-layout-154222c2 wp-block-group-is-layout-flex\" style=\"border-bottom-color:var(--wp--preset--color--accent-6);border-bottom-width:1px;padding-top:var(--wp--preset--spacing--30);padding-bottom:var(--wp--preset--spacing--30)\" data-block-type=\"core\"><h3 class=\"wp-block-post-title has-large-font-size\" data-block-type=\"core\"><a href=\"https:\/\/www.campingjard.fr\/en\/editorial\/vacances-proche-randonnees-vendee\/\" target=\"_self\" >Holidays close to hiking Vend\u00e9e<\/a><\/h3><\/div>\n\n<\/li><li class=\"wp-block-post post-230778 editorial type-editorial status-publish has-post-thumbnail hentry\">\n\n<div class=\"wp-block-group alignfull is-content-justification-space-between is-nowrap is-layout-flex wp-container-core-group-is-layout-154222c2 wp-block-group-is-layout-flex\" style=\"border-bottom-color:var(--wp--preset--color--accent-6);border-bottom-width:1px;padding-top:var(--wp--preset--spacing--30);padding-bottom:var(--wp--preset--spacing--30)\" data-block-type=\"core\"><h3 class=\"wp-block-post-title has-large-font-size\" data-block-type=\"core\"><a href=\"https:\/\/www.campingjard.fr\/en\/editorial\/camping-vendee-proche-marches-ete\/\" target=\"_self\" >Campsite in the Vend\u00e9e close to the summer markets<\/a><\/h3><\/div>\n\n<\/li><li class=\"wp-block-post post-230694 editorial type-editorial status-publish has-post-thumbnail hentry\">\n\n<div class=\"wp-block-group alignfull is-content-justification-space-between is-nowrap is-layout-flex wp-container-core-group-is-layout-154222c2 wp-block-group-is-layout-flex\" style=\"border-bottom-color:var(--wp--preset--color--accent-6);border-bottom-width:1px;padding-top:var(--wp--preset--spacing--30);padding-bottom:var(--wp--preset--spacing--30)\" data-block-type=\"core\"><h3 class=\"wp-block-post-title has-large-font-size\" data-block-type=\"core\"><a href=\"https:\/\/www.campingjard.fr\/en\/editorial\/locations-camping-proche-la-rochelle\/\" target=\"_self\" >Campsite rentals near La Rochelle<\/a><\/h3><\/div>\n\n<\/li><li class=\"wp-block-post post-230638 editorial type-editorial status-publish has-post-thumbnail hentry\">\n\n<div class=\"wp-block-group alignfull is-content-justification-space-between is-nowrap is-layout-flex wp-container-core-group-is-layout-154222c2 wp-block-group-is-layout-flex\" style=\"border-bottom-color:var(--wp--preset--color--accent-6);border-bottom-width:1px;padding-top:var(--wp--preset--spacing--30);padding-bottom:var(--wp--preset--spacing--30)\" data-block-type=\"core\"><h3 class=\"wp-block-post-title has-large-font-size\" data-block-type=\"core\"><a href=\"https:\/\/www.campingjard.fr\/en\/editorial\/vacances-vendee-ile-re\/\" target=\"_self\" >Holidays in Vend\u00e9e near L'\u00eele de R\u00e9<\/a><\/h3><\/div>\n\n<\/li><li class=\"wp-block-post post-230512 editorial type-editorial status-publish has-post-thumbnail hentry\">\n\n<div class=\"wp-block-group alignfull is-content-justification-space-between is-nowrap is-layout-flex wp-container-core-group-is-layout-154222c2 wp-block-group-is-layout-flex\" style=\"border-bottom-color:var(--wp--preset--color--accent-6);border-bottom-width:1px;padding-top:var(--wp--preset--spacing--30);padding-bottom:var(--wp--preset--spacing--30)\" data-block-type=\"core\"><h3 class=\"wp-block-post-title has-large-font-size\" data-block-type=\"core\"><a href=\"https:\/\/www.campingjard.fr\/en\/editorial\/camping-4-etoiles-iles-vendeennes\/\" target=\"_self\" >4-star campsite near the Vend\u00e9e Islands<\/a><\/h3><\/div>\n\n<\/li><li class=\"wp-block-post post-230133 editorial type-editorial status-publish has-post-thumbnail hentry\">\n\n<div class=\"wp-block-group alignfull is-content-justification-space-between is-nowrap is-layout-flex wp-container-core-group-is-layout-154222c2 wp-block-group-is-layout-flex\" style=\"border-bottom-color:var(--wp--preset--color--accent-6);border-bottom-width:1px;padding-top:var(--wp--preset--spacing--30);padding-bottom:var(--wp--preset--spacing--30)\" data-block-type=\"core\"><h3 class=\"wp-block-post-title has-large-font-size\" data-block-type=\"core\"><a href=\"https:\/\/www.campingjard.fr\/en\/editorial\/camping-velodyssee-cote-atlantique\/\" target=\"_self\" >Campsite near the Atlantic coast V\u00e9lodyss\u00e9e<\/a><\/h3><\/div>\n\n<\/li><li class=\"wp-block-post post-230067 editorial type-editorial status-publish has-post-thumbnail hentry\">\n\n<div class=\"wp-block-group alignfull is-content-justification-space-between is-nowrap is-layout-flex wp-container-core-group-is-layout-154222c2 wp-block-group-is-layout-flex\" style=\"border-bottom-color:var(--wp--preset--color--accent-6);border-bottom-width:1px;padding-top:var(--wp--preset--spacing--30);padding-bottom:var(--wp--preset--spacing--30)\" data-block-type=\"core\"><h3 class=\"wp-block-post-title has-large-font-size\" data-block-type=\"core\"><a href=\"https:\/\/www.campingjard.fr\/en\/editorial\/camping-familial-sur-la-cote-atlantique\/\" target=\"_self\" >Family campsite on the Atlantic coast<\/a><\/h3><\/div>\n\n<\/li><li class=\"wp-block-post post-230022 editorial type-editorial status-publish has-post-thumbnail hentry\">\n\n<div class=\"wp-block-group alignfull is-content-justification-space-between is-nowrap is-layout-flex wp-container-core-group-is-layout-154222c2 wp-block-group-is-layout-flex\" style=\"border-bottom-color:var(--wp--preset--color--accent-6);border-bottom-width:1px;padding-top:var(--wp--preset--spacing--30);padding-bottom:var(--wp--preset--spacing--30)\" data-block-type=\"core\"><h3 class=\"wp-block-post-title has-large-font-size\" data-block-type=\"core\"><a href=\"https:\/\/www.campingjard.fr\/en\/editorial\/camping-espace-aquatique-cote-atlantique\/\" target=\"_self\" >Campsite with water park on the Atlantic coast<\/a><\/h3><\/div>\n\n<\/li><li class=\"wp-block-post post-229968 editorial type-editorial status-publish has-post-thumbnail hentry\">\n\n<div class=\"wp-block-group alignfull is-content-justification-space-between is-nowrap is-layout-flex wp-container-core-group-is-layout-154222c2 wp-block-group-is-layout-flex\" style=\"border-bottom-color:var(--wp--preset--color--accent-6);border-bottom-width:1px;padding-top:var(--wp--preset--spacing--30);padding-bottom:var(--wp--preset--spacing--30)\" data-block-type=\"core\"><h3 class=\"wp-block-post-title has-large-font-size\" data-block-type=\"core\"><a href=\"https:\/\/www.campingjard.fr\/en\/editorial\/camping-anime-cote-atlantique\/\" target=\"_self\" >A lively campsite on the Atlantic coast<\/a><\/h3><\/div>\n\n<\/li><li class=\"wp-block-post post-229935 editorial type-editorial status-publish has-post-thumbnail hentry\">\n\n<div class=\"wp-block-group alignfull is-content-justification-space-between is-nowrap is-layout-flex wp-container-core-group-is-layout-154222c2 wp-block-group-is-layout-flex\" style=\"border-bottom-color:var(--wp--preset--color--accent-6);border-bottom-width:1px;padding-top:var(--wp--preset--spacing--30);padding-bottom:var(--wp--preset--spacing--30)\" data-block-type=\"core\"><h3 class=\"wp-block-post-title has-large-font-size\" data-block-type=\"core\"><a href=\"https:\/\/www.campingjard.fr\/en\/editorial\/camping-authentique-cote-atlantique\/\" target=\"_self\" >Authentic campsite on the Atlantic coast<\/a><\/h3><\/div>\n\n<\/li><li class=\"wp-block-post post-229834 editorial type-editorial status-publish has-post-thumbnail hentry\">\n\n<div class=\"wp-block-group alignfull is-content-justification-space-between is-nowrap is-layout-flex wp-container-core-group-is-layout-154222c2 wp-block-group-is-layout-flex\" style=\"border-bottom-color:var(--wp--preset--color--accent-6);border-bottom-width:1px;padding-top:var(--wp--preset--spacing--30);padding-bottom:var(--wp--preset--spacing--30)\" data-block-type=\"core\"><h3 class=\"wp-block-post-title has-large-font-size\" data-block-type=\"core\"><a href=\"https:\/\/www.campingjard.fr\/en\/editorial\/meilleur-camping-sur-la-cote-atlantique\/\" target=\"_self\" >Best campsite on the Atlantic coast<\/a><\/h3><\/div>\n\n<\/li><li class=\"wp-block-post post-229801 editorial type-editorial status-publish has-post-thumbnail hentry\">\n\n<div class=\"wp-block-group alignfull is-content-justification-space-between is-nowrap is-layout-flex wp-container-core-group-is-layout-154222c2 wp-block-group-is-layout-flex\" style=\"border-bottom-color:var(--wp--preset--color--accent-6);border-bottom-width:1px;padding-top:var(--wp--preset--spacing--30);padding-bottom:var(--wp--preset--spacing--30)\" data-block-type=\"core\"><h3 class=\"wp-block-post-title has-large-font-size\" data-block-type=\"core\"><a href=\"https:\/\/www.campingjard.fr\/en\/editorial\/camping-animations-les-sables-dolonne\/\" target=\"_self\" >Campsite with entertainment near Les Sables d'Olonne<\/a><\/h3><\/div>\n\n<\/li><li class=\"wp-block-post post-229772 editorial type-editorial status-publish has-post-thumbnail hentry\">\n\n<div class=\"wp-block-group alignfull is-content-justification-space-between is-nowrap is-layout-flex wp-container-core-group-is-layout-154222c2 wp-block-group-is-layout-flex\" style=\"border-bottom-color:var(--wp--preset--color--accent-6);border-bottom-width:1px;padding-top:var(--wp--preset--spacing--30);padding-bottom:var(--wp--preset--spacing--30)\" data-block-type=\"core\"><h3 class=\"wp-block-post-title has-large-font-size\" data-block-type=\"core\"><a href=\"https:\/\/www.campingjard.fr\/en\/editorial\/camping-espace-aquatique-les-sables-dolonne\/\" target=\"_self\" >Campsite with water park in Les Sables d'Olonne<\/a><\/h3><\/div>\n\n<\/li><li class=\"wp-block-post post-229679 editorial type-editorial status-publish has-post-thumbnail hentry\">\n\n<div class=\"wp-block-group alignfull is-content-justification-space-between is-nowrap is-layout-flex wp-container-core-group-is-layout-154222c2 wp-block-group-is-layout-flex\" style=\"border-bottom-color:var(--wp--preset--color--accent-6);border-bottom-width:1px;padding-top:var(--wp--preset--spacing--30);padding-bottom:var(--wp--preset--spacing--30)\" data-block-type=\"core\"><h3 class=\"wp-block-post-title has-large-font-size\" data-block-type=\"core\"><a href=\"https:\/\/www.campingjard.fr\/en\/editorial\/camping-4-etoiles-les-sables-dolonne\/\" target=\"_self\" >4-star campsite near Les Sables d'Olonne<\/a><\/h3><\/div>\n\n<\/li><li class=\"wp-block-post post-229427 editorial type-editorial status-publish has-post-thumbnail hentry\">\n\n<div class=\"wp-block-group alignfull is-content-justification-space-between is-nowrap is-layout-flex wp-container-core-group-is-layout-154222c2 wp-block-group-is-layout-flex\" style=\"border-bottom-color:var(--wp--preset--color--accent-6);border-bottom-width:1px;padding-top:var(--wp--preset--spacing--30);padding-bottom:var(--wp--preset--spacing--30)\" data-block-type=\"core\"><h3 class=\"wp-block-post-title has-large-font-size\" data-block-type=\"core\"><a href=\"https:\/\/www.campingjard.fr\/en\/editorial\/camping-club-enfants-les-sables-dolonne\/\" target=\"_self\" >Camping club enfants Les Sables d'Olonne<\/a><\/h3><\/div>\n\n<\/li><li class=\"wp-block-post post-229404 editorial type-editorial status-publish has-post-thumbnail hentry\">\n\n<div class=\"wp-block-group alignfull is-content-justification-space-between is-nowrap is-layout-flex wp-container-core-group-is-layout-154222c2 wp-block-group-is-layout-flex\" style=\"border-bottom-color:var(--wp--preset--color--accent-6);border-bottom-width:1px;padding-top:var(--wp--preset--spacing--30);padding-bottom:var(--wp--preset--spacing--30)\" data-block-type=\"core\"><h3 class=\"wp-block-post-title has-large-font-size\" data-block-type=\"core\"><a href=\"https:\/\/www.campingjard.fr\/en\/editorial\/camping-proche-pistes-cyclables-les-sables-dolonne\/\" target=\"_self\" >Campsite close to Les Sables d'Olonne cycle paths<\/a><\/h3><\/div>\n\n<\/li><li class=\"wp-block-post post-229095 editorial type-editorial status-publish has-post-thumbnail hentry\">\n\n<div class=\"wp-block-group alignfull is-content-justification-space-between is-nowrap is-layout-flex wp-container-core-group-is-layout-154222c2 wp-block-group-is-layout-flex\" style=\"border-bottom-color:var(--wp--preset--color--accent-6);border-bottom-width:1px;padding-top:var(--wp--preset--spacing--30);padding-bottom:var(--wp--preset--spacing--30)\" data-block-type=\"core\"><h3 class=\"wp-block-post-title has-large-font-size\" data-block-type=\"core\"><a href=\"https:\/\/www.campingjard.fr\/en\/editorial\/camping-proche-velodyssee-les-sables-dolonne\/\" target=\"_self\" >Campsite near V\u00e9lodyss\u00e9e Les Sables d'Olonne<\/a><\/h3><\/div>\n\n<\/li><li class=\"wp-block-post post-229082 editorial type-editorial status-publish has-post-thumbnail hentry\">\n\n<div class=\"wp-block-group alignfull is-content-justification-space-between is-nowrap is-layout-flex wp-container-core-group-is-layout-154222c2 wp-block-group-is-layout-flex\" style=\"border-bottom-color:var(--wp--preset--color--accent-6);border-bottom-width:1px;padding-top:var(--wp--preset--spacing--30);padding-bottom:var(--wp--preset--spacing--30)\" data-block-type=\"core\"><h3 class=\"wp-block-post-title has-large-font-size\" data-block-type=\"core\"><a href=\"https:\/\/www.campingjard.fr\/en\/editorial\/location-emplacement-les-sables-dolonne\/\" target=\"_self\" >Location emplacement Les Sables d'Olonne<\/a><\/h3><\/div>\n\n<\/li><li class=\"wp-block-post post-229042 editorial type-editorial status-publish has-post-thumbnail hentry\">\n\n<div class=\"wp-block-group alignfull is-content-justification-space-between is-nowrap is-layout-flex wp-container-core-group-is-layout-154222c2 wp-block-group-is-layout-flex\" style=\"border-bottom-color:var(--wp--preset--color--accent-6);border-bottom-width:1px;padding-top:var(--wp--preset--spacing--30);padding-bottom:var(--wp--preset--spacing--30)\" data-block-type=\"core\"><h3 class=\"wp-block-post-title has-large-font-size\" data-block-type=\"core\"><a href=\"https:\/\/www.campingjard.fr\/en\/editorial\/camping-proche-commerces-jard-sur-mer\/\" target=\"_self\" >Campsite near shops Jard sur Mer<\/a><\/h3><\/div>\n\n<\/li><li class=\"wp-block-post post-229031 editorial type-editorial status-publish has-post-thumbnail hentry\">\n\n<div class=\"wp-block-group alignfull is-content-justification-space-between is-nowrap is-layout-flex wp-container-core-group-is-layout-154222c2 wp-block-group-is-layout-flex\" style=\"border-bottom-color:var(--wp--preset--color--accent-6);border-bottom-width:1px;padding-top:var(--wp--preset--spacing--30);padding-bottom:var(--wp--preset--spacing--30)\" data-block-type=\"core\"><h3 class=\"wp-block-post-title has-large-font-size\" data-block-type=\"core\"><a href=\"https:\/\/www.campingjard.fr\/en\/editorial\/camping-proche-velodyssee-jard-sur-mer\/\" target=\"_self\" >Campsite near V\u00e9lodyss\u00e9e Jard sur Mer<\/a><\/h3><\/div>\n\n<\/li><li class=\"wp-block-post post-229003 editorial type-editorial status-publish has-post-thumbnail hentry\">\n\n<div class=\"wp-block-group alignfull is-content-justification-space-between is-nowrap is-layout-flex wp-container-core-group-is-layout-154222c2 wp-block-group-is-layout-flex\" style=\"border-bottom-color:var(--wp--preset--color--accent-6);border-bottom-width:1px;padding-top:var(--wp--preset--spacing--30);padding-bottom:var(--wp--preset--spacing--30)\" data-block-type=\"core\"><h3 class=\"wp-block-post-title has-large-font-size\" data-block-type=\"core\"><a href=\"https:\/\/www.campingjard.fr\/en\/editorial\/camping-proche-pistes-cyclables-jard-sur-mer\/\" target=\"_self\" >Campsite near cycle paths Jard sur Mer<\/a><\/h3><\/div>\n\n<\/li><li class=\"wp-block-post post-228857 editorial type-editorial status-publish has-post-thumbnail hentry\">\n\n<div class=\"wp-block-group alignfull is-content-justification-space-between is-nowrap is-layout-flex wp-container-core-group-is-layout-154222c2 wp-block-group-is-layout-flex\" style=\"border-bottom-color:var(--wp--preset--color--accent-6);border-bottom-width:1px;padding-top:var(--wp--preset--spacing--30);padding-bottom:var(--wp--preset--spacing--30)\" data-block-type=\"core\"><h3 class=\"wp-block-post-title has-large-font-size\" data-block-type=\"core\"><a href=\"https:\/\/www.campingjard.fr\/en\/editorial\/vacances-en-famille-camping-paradis\/\" target=\"_self\" >Family holidays Camping Paradis<\/a><\/h3><\/div>\n\n<\/li><li class=\"wp-block-post post-228933 editorial type-editorial status-publish has-post-thumbnail hentry\">\n\n<div class=\"wp-block-group alignfull is-content-justification-space-between is-nowrap is-layout-flex wp-container-core-group-is-layout-154222c2 wp-block-group-is-layout-flex\" style=\"border-bottom-color:var(--wp--preset--color--accent-6);border-bottom-width:1px;padding-top:var(--wp--preset--spacing--30);padding-bottom:var(--wp--preset--spacing--30)\" data-block-type=\"core\"><h3 class=\"wp-block-post-title has-large-font-size\" data-block-type=\"core\"><a href=\"https:\/\/www.campingjard.fr\/en\/editorial\/camping-club-enfants-jard-sur-mer\/\" target=\"_self\" >Camping club enfants Jard sur Mer<\/a><\/h3><\/div>\n\n<\/li><li class=\"wp-block-post post-228882 editorial type-editorial status-publish has-post-thumbnail hentry\">\n\n<div class=\"wp-block-group alignfull is-content-justification-space-between is-nowrap is-layout-flex wp-container-core-group-is-layout-154222c2 wp-block-group-is-layout-flex\" style=\"border-bottom-color:var(--wp--preset--color--accent-6);border-bottom-width:1px;padding-top:var(--wp--preset--spacing--30);padding-bottom:var(--wp--preset--spacing--30)\" data-block-type=\"core\"><h3 class=\"wp-block-post-title has-large-font-size\" data-block-type=\"core\"><a href=\"https:\/\/www.campingjard.fr\/en\/editorial\/location-emplacement-jard-sur-mer\/\" target=\"_self\" >Location emplacement Jard sur Mer<\/a><\/h3><\/div>\n\n<\/li><li class=\"wp-block-post post-228839 editorial type-editorial status-publish has-post-thumbnail hentry\">\n\n<div class=\"wp-block-group alignfull is-content-justification-space-between is-nowrap is-layout-flex wp-container-core-group-is-layout-154222c2 wp-block-group-is-layout-flex\" style=\"border-bottom-color:var(--wp--preset--color--accent-6);border-bottom-width:1px;padding-top:var(--wp--preset--spacing--30);padding-bottom:var(--wp--preset--spacing--30)\" data-block-type=\"core\"><h3 class=\"wp-block-post-title has-large-font-size\" data-block-type=\"core\"><a href=\"https:\/\/www.campingjard.fr\/en\/editorial\/camping-paradis-bord-de-mer-vendee\/\" target=\"_self\" >Camping Paradis bord de mer Vend\u00e9e<\/a><\/h3><\/div>\n\n<\/li><li class=\"wp-block-post post-228820 editorial type-editorial status-publish has-post-thumbnail hentry\">\n\n<div class=\"wp-block-group alignfull is-content-justification-space-between is-nowrap is-layout-flex wp-container-core-group-is-layout-154222c2 wp-block-group-is-layout-flex\" style=\"border-bottom-color:var(--wp--preset--color--accent-6);border-bottom-width:1px;padding-top:var(--wp--preset--spacing--30);padding-bottom:var(--wp--preset--spacing--30)\" data-block-type=\"core\"><h3 class=\"wp-block-post-title has-large-font-size\" data-block-type=\"core\"><a href=\"https:\/\/www.campingjard.fr\/en\/editorial\/camping-club-enfants-vendee\/\" target=\"_self\" >Campsite with kids club Vend\u00e9e<\/a><\/h3><\/div>\n\n<\/li><li class=\"wp-block-post post-228792 editorial type-editorial status-publish has-post-thumbnail hentry\">\n\n<div class=\"wp-block-group alignfull is-content-justification-space-between is-nowrap is-layout-flex wp-container-core-group-is-layout-154222c2 wp-block-group-is-layout-flex\" style=\"border-bottom-color:var(--wp--preset--color--accent-6);border-bottom-width:1px;padding-top:var(--wp--preset--spacing--30);padding-bottom:var(--wp--preset--spacing--30)\" data-block-type=\"core\"><h3 class=\"wp-block-post-title has-large-font-size\" data-block-type=\"core\"><a href=\"https:\/\/www.campingjard.fr\/en\/editorial\/camping-paradis-proche-velodyssee-vendee\/\" target=\"_self\" >Camping Paradis near V\u00e9lodyss\u00e9e Vend\u00e9e<\/a><\/h3><\/div>\n\n<\/li><li class=\"wp-block-post post-228677 editorial type-editorial status-publish has-post-thumbnail hentry\">\n\n<div class=\"wp-block-group alignfull is-content-justification-space-between is-nowrap is-layout-flex wp-container-core-group-is-layout-154222c2 wp-block-group-is-layout-flex\" style=\"border-bottom-color:var(--wp--preset--color--accent-6);border-bottom-width:1px;padding-top:var(--wp--preset--spacing--30);padding-bottom:var(--wp--preset--spacing--30)\" data-block-type=\"core\"><h3 class=\"wp-block-post-title has-large-font-size\" data-block-type=\"core\"><a href=\"https:\/\/www.campingjard.fr\/en\/editorial\/camping-paradis-proche-pistes-cyclables-vendee\/\" target=\"_self\" >Camping Paradis near cycle paths Vend\u00e9e<\/a><\/h3><\/div>\n\n<\/li><li class=\"wp-block-post post-228671 editorial type-editorial status-publish has-post-thumbnail hentry\">\n\n<div class=\"wp-block-group alignfull is-content-justification-space-between is-nowrap is-layout-flex wp-container-core-group-is-layout-154222c2 wp-block-group-is-layout-flex\" style=\"border-bottom-color:var(--wp--preset--color--accent-6);border-bottom-width:1px;padding-top:var(--wp--preset--spacing--30);padding-bottom:var(--wp--preset--spacing--30)\" data-block-type=\"core\"><h3 class=\"wp-block-post-title has-large-font-size\" data-block-type=\"core\"><a href=\"https:\/\/www.campingjard.fr\/en\/editorial\/camping-proche-velodyssee-vendee\/\" target=\"_self\" >Campsite near V\u00e9lodyss\u00e9e Vend\u00e9e<\/a><\/h3><\/div>\n\n<\/li><li class=\"wp-block-post post-228612 editorial type-editorial status-publish has-post-thumbnail hentry\">\n\n<div class=\"wp-block-group alignfull is-content-justification-space-between is-nowrap is-layout-flex wp-container-core-group-is-layout-154222c2 wp-block-group-is-layout-flex\" style=\"border-bottom-color:var(--wp--preset--color--accent-6);border-bottom-width:1px;padding-top:var(--wp--preset--spacing--30);padding-bottom:var(--wp--preset--spacing--30)\" data-block-type=\"core\"><h3 class=\"wp-block-post-title has-large-font-size\" data-block-type=\"core\"><a href=\"https:\/\/www.campingjard.fr\/en\/editorial\/camping-proche-pistes-cyclables-vendee\/\" target=\"_self\" >Campsite near cycle paths Vend\u00e9e<\/a><\/h3><\/div>\n\n<\/li><li class=\"wp-block-post post-228561 editorial type-editorial status-publish has-post-thumbnail hentry\">\n\n<div class=\"wp-block-group alignfull is-content-justification-space-between is-nowrap is-layout-flex wp-container-core-group-is-layout-154222c2 wp-block-group-is-layout-flex\" style=\"border-bottom-color:var(--wp--preset--color--accent-6);border-bottom-width:1px;padding-top:var(--wp--preset--spacing--30);padding-bottom:var(--wp--preset--spacing--30)\" data-block-type=\"core\"><h3 class=\"wp-block-post-title has-large-font-size\" data-block-type=\"core\"><a href=\"https:\/\/www.campingjard.fr\/en\/editorial\/location-pas-chere-vendee\/\" target=\"_self\" >Cheap rentals Vend\u00e9e<\/a><\/h3><\/div>\n\n<\/li><li class=\"wp-block-post post-228509 editorial type-editorial status-publish has-post-thumbnail hentry\">\n\n<div class=\"wp-block-group alignfull is-content-justification-space-between is-nowrap is-layout-flex wp-container-core-group-is-layout-154222c2 wp-block-group-is-layout-flex\" style=\"border-bottom-color:var(--wp--preset--color--accent-6);border-bottom-width:1px;padding-top:var(--wp--preset--spacing--30);padding-bottom:var(--wp--preset--spacing--30)\" data-block-type=\"core\"><h3 class=\"wp-block-post-title has-large-font-size\" data-block-type=\"core\"><a href=\"https:\/\/www.campingjard.fr\/en\/editorial\/camping-pistes-cyclables-cote-atlantique\/\" target=\"_self\" >Campsite close to Atlantic coast cycle paths<\/a><\/h3><\/div>\n\n<\/li><li class=\"wp-block-post post-228501 editorial type-editorial status-publish has-post-thumbnail hentry\">\n\n<div class=\"wp-block-group alignfull is-content-justification-space-between is-nowrap is-layout-flex wp-container-core-group-is-layout-154222c2 wp-block-group-is-layout-flex\" style=\"border-bottom-color:var(--wp--preset--color--accent-6);border-bottom-width:1px;padding-top:var(--wp--preset--spacing--30);padding-bottom:var(--wp--preset--spacing--30)\" data-block-type=\"core\"><h3 class=\"wp-block-post-title has-large-font-size\" data-block-type=\"core\"><a href=\"https:\/\/www.campingjard.fr\/en\/editorial\/camping-club-enfants-cote-atlantique\/\" target=\"_self\" >Campsite with kids' club on the Atlantic coast<\/a><\/h3><\/div>\n\n<\/li><li class=\"wp-block-post post-228400 editorial type-editorial status-publish has-post-thumbnail hentry\">\n\n<div class=\"wp-block-group alignfull is-content-justification-space-between is-nowrap is-layout-flex wp-container-core-group-is-layout-154222c2 wp-block-group-is-layout-flex\" style=\"border-bottom-color:var(--wp--preset--color--accent-6);border-bottom-width:1px;padding-top:var(--wp--preset--spacing--30);padding-bottom:var(--wp--preset--spacing--30)\" data-block-type=\"core\"><h3 class=\"wp-block-post-title has-large-font-size\" data-block-type=\"core\"><a href=\"https:\/\/www.campingjard.fr\/en\/editorial\/camping-pas-cher-vendee\/\" target=\"_self\" >Cheap campsite Vend\u00e9e<\/a><\/h3><\/div>\n\n<\/li><li class=\"wp-block-post post-228337 editorial type-editorial status-publish has-post-thumbnail hentry\">\n\n<div class=\"wp-block-group alignfull is-content-justification-space-between is-nowrap is-layout-flex wp-container-core-group-is-layout-154222c2 wp-block-group-is-layout-flex\" style=\"border-bottom-color:var(--wp--preset--color--accent-6);border-bottom-width:1px;padding-top:var(--wp--preset--spacing--30);padding-bottom:var(--wp--preset--spacing--30)\" data-block-type=\"core\"><h3 class=\"wp-block-post-title has-large-font-size\" data-block-type=\"core\"><a href=\"https:\/\/www.campingjard.fr\/en\/editorial\/camping-avec-animations-vendee\/\" target=\"_self\" >Campsite with entertainment Vend\u00e9e<\/a><\/h3><\/div>\n\n<\/li><li class=\"wp-block-post post-228287 editorial type-editorial status-publish has-post-thumbnail hentry\">\n\n<div class=\"wp-block-group alignfull is-content-justification-space-between is-nowrap is-layout-flex wp-container-core-group-is-layout-154222c2 wp-block-group-is-layout-flex\" style=\"border-bottom-color:var(--wp--preset--color--accent-6);border-bottom-width:1px;padding-top:var(--wp--preset--spacing--30);padding-bottom:var(--wp--preset--spacing--30)\" data-block-type=\"core\"><h3 class=\"wp-block-post-title has-large-font-size\" data-block-type=\"core\"><a href=\"https:\/\/www.campingjard.fr\/en\/editorial\/camping-authentique-jard-sur-mer\/\" target=\"_self\" >Authentic campsite Jard sur Mer<\/a><\/h3><\/div>\n\n<\/li><li class=\"wp-block-post post-228272 editorial type-editorial status-publish has-post-thumbnail hentry\">\n\n<div class=\"wp-block-group alignfull is-content-justification-space-between is-nowrap is-layout-flex wp-container-core-group-is-layout-154222c2 wp-block-group-is-layout-flex\" style=\"border-bottom-color:var(--wp--preset--color--accent-6);border-bottom-width:1px;padding-top:var(--wp--preset--spacing--30);padding-bottom:var(--wp--preset--spacing--30)\" data-block-type=\"core\"><h3 class=\"wp-block-post-title has-large-font-size\" data-block-type=\"core\"><a href=\"https:\/\/www.campingjard.fr\/en\/editorial\/camping-authentique-proche-les-sables-dolonne\/\" target=\"_self\" >Authentic campsite near Les Sables d'Olonne<\/a><\/h3><\/div>\n\n<\/li><li class=\"wp-block-post post-227960 editorial type-editorial status-publish has-post-thumbnail hentry\">\n\n<div class=\"wp-block-group alignfull is-content-justification-space-between is-nowrap is-layout-flex wp-container-core-group-is-layout-154222c2 wp-block-group-is-layout-flex\" style=\"border-bottom-color:var(--wp--preset--color--accent-6);border-bottom-width:1px;padding-top:var(--wp--preset--spacing--30);padding-bottom:var(--wp--preset--spacing--30)\" data-block-type=\"core\"><h3 class=\"wp-block-post-title has-large-font-size\" data-block-type=\"core\"><a href=\"https:\/\/www.campingjard.fr\/en\/editorial\/camping-authentique-bord-ocean-atlantique\/\" target=\"_self\" >Authentic campsite on the Atlantic coast<\/a><\/h3><\/div>\n\n<\/li><li class=\"wp-block-post post-227941 editorial type-editorial status-publish has-post-thumbnail hentry\">\n\n<div class=\"wp-block-group alignfull is-content-justification-space-between is-nowrap is-layout-flex wp-container-core-group-is-layout-154222c2 wp-block-group-is-layout-flex\" style=\"border-bottom-color:var(--wp--preset--color--accent-6);border-bottom-width:1px;padding-top:var(--wp--preset--spacing--30);padding-bottom:var(--wp--preset--spacing--30)\" data-block-type=\"core\"><h3 class=\"wp-block-post-title has-large-font-size\" data-block-type=\"core\"><a href=\"https:\/\/www.campingjard.fr\/en\/editorial\/camping-authentique-vendee\/\" target=\"_self\" >Authentic campsite Vend\u00e9e<\/a><\/h3><\/div>\n\n<\/li><li class=\"wp-block-post post-227926 editorial type-editorial status-publish has-post-thumbnail hentry\">\n\n<div class=\"wp-block-group alignfull is-content-justification-space-between is-nowrap is-layout-flex wp-container-core-group-is-layout-154222c2 wp-block-group-is-layout-flex\" style=\"border-bottom-color:var(--wp--preset--color--accent-6);border-bottom-width:1px;padding-top:var(--wp--preset--spacing--30);padding-bottom:var(--wp--preset--spacing--30)\" data-block-type=\"core\"><h3 class=\"wp-block-post-title has-large-font-size\" data-block-type=\"core\"><a href=\"https:\/\/www.campingjard.fr\/en\/editorial\/camping-authentique-bord-de-latlantique\/\" target=\"_self\" >Authentic campsite on the Atlantic coast<\/a><\/h3><\/div>\n\n<\/li><li class=\"wp-block-post post-227907 editorial type-editorial status-publish has-post-thumbnail hentry\">\n\n<div class=\"wp-block-group alignfull is-content-justification-space-between is-nowrap is-layout-flex wp-container-core-group-is-layout-154222c2 wp-block-group-is-layout-flex\" style=\"border-bottom-color:var(--wp--preset--color--accent-6);border-bottom-width:1px;padding-top:var(--wp--preset--spacing--30);padding-bottom:var(--wp--preset--spacing--30)\" data-block-type=\"core\"><h3 class=\"wp-block-post-title has-large-font-size\" data-block-type=\"core\"><a href=\"https:\/\/www.campingjard.fr\/en\/editorial\/camping-calme-cote-atlantique\/\" target=\"_self\" >Quiet campsite on the Atlantic coast<\/a><\/h3><\/div>\n\n<\/li><li class=\"wp-block-post post-227864 editorial type-editorial status-publish has-post-thumbnail hentry\">\n\n<div class=\"wp-block-group alignfull is-content-justification-space-between is-nowrap is-layout-flex wp-container-core-group-is-layout-154222c2 wp-block-group-is-layout-flex\" style=\"border-bottom-color:var(--wp--preset--color--accent-6);border-bottom-width:1px;padding-top:var(--wp--preset--spacing--30);padding-bottom:var(--wp--preset--spacing--30)\" data-block-type=\"core\"><h3 class=\"wp-block-post-title has-large-font-size\" data-block-type=\"core\"><a href=\"https:\/\/www.campingjard.fr\/en\/editorial\/camping-convivial-bord-de-mer-vendee\/\" target=\"_self\" >Friendly campsite by the sea Vend\u00e9e<\/a><\/h3><\/div>\n\n<\/li><li class=\"wp-block-post post-227871 editorial type-editorial status-publish has-post-thumbnail hentry\">\n\n<div class=\"wp-block-group alignfull is-content-justification-space-between is-nowrap is-layout-flex wp-container-core-group-is-layout-154222c2 wp-block-group-is-layout-flex\" style=\"border-bottom-color:var(--wp--preset--color--accent-6);border-bottom-width:1px;padding-top:var(--wp--preset--spacing--30);padding-bottom:var(--wp--preset--spacing--30)\" data-block-type=\"core\"><h3 class=\"wp-block-post-title has-large-font-size\" data-block-type=\"core\"><a href=\"https:\/\/www.campingjard.fr\/en\/editorial\/camping-convivial-jard-sur-mer\/\" target=\"_self\" >Friendly campsite Jard sur Mer<\/a><\/h3><\/div>\n\n<\/li><li class=\"wp-block-post post-227840 editorial type-editorial status-publish has-post-thumbnail hentry\">\n\n<div class=\"wp-block-group alignfull is-content-justification-space-between is-nowrap is-layout-flex wp-container-core-group-is-layout-154222c2 wp-block-group-is-layout-flex\" style=\"border-bottom-color:var(--wp--preset--color--accent-6);border-bottom-width:1px;padding-top:var(--wp--preset--spacing--30);padding-bottom:var(--wp--preset--spacing--30)\" data-block-type=\"core\"><h3 class=\"wp-block-post-title has-large-font-size\" data-block-type=\"core\"><a href=\"https:\/\/www.campingjard.fr\/en\/editorial\/camping-calme-et-convivial-vendee\/\" target=\"_self\" >Calm and friendly campsite Vend\u00e9e<\/a><\/h3><\/div>\n\n<\/li><li class=\"wp-block-post post-227827 editorial type-editorial status-publish has-post-thumbnail hentry\">\n\n<div class=\"wp-block-group alignfull is-content-justification-space-between is-nowrap is-layout-flex wp-container-core-group-is-layout-154222c2 wp-block-group-is-layout-flex\" style=\"border-bottom-color:var(--wp--preset--color--accent-6);border-bottom-width:1px;padding-top:var(--wp--preset--spacing--30);padding-bottom:var(--wp--preset--spacing--30)\" data-block-type=\"core\"><h3 class=\"wp-block-post-title has-large-font-size\" data-block-type=\"core\"><a href=\"https:\/\/www.campingjard.fr\/en\/editorial\/camping-4-etoiles-convivial-vendee\/\" target=\"_self\" >4-star friendly campsite Vend\u00e9e<\/a><\/h3><\/div>\n\n<\/li><li class=\"wp-block-post post-227786 editorial type-editorial status-publish has-post-thumbnail hentry\">\n\n<div class=\"wp-block-group alignfull is-content-justification-space-between is-nowrap is-layout-flex wp-container-core-group-is-layout-154222c2 wp-block-group-is-layout-flex\" style=\"border-bottom-color:var(--wp--preset--color--accent-6);border-bottom-width:1px;padding-top:var(--wp--preset--spacing--30);padding-bottom:var(--wp--preset--spacing--30)\" data-block-type=\"core\"><h3 class=\"wp-block-post-title has-large-font-size\" data-block-type=\"core\"><a href=\"https:\/\/www.campingjard.fr\/en\/editorial\/camping-calme-150-metres-plage-vendee\/\" target=\"_self\" >Quiet campsite 150 metres from the beach Vend\u00e9e<\/a><\/h3><\/div>\n\n<\/li><li class=\"wp-block-post post-227770 editorial type-editorial status-publish has-post-thumbnail hentry\">\n\n<div class=\"wp-block-group alignfull is-content-justification-space-between is-nowrap is-layout-flex wp-container-core-group-is-layout-154222c2 wp-block-group-is-layout-flex\" style=\"border-bottom-color:var(--wp--preset--color--accent-6);border-bottom-width:1px;padding-top:var(--wp--preset--spacing--30);padding-bottom:var(--wp--preset--spacing--30)\" data-block-type=\"core\"><h3 class=\"wp-block-post-title has-large-font-size\" data-block-type=\"core\"><a href=\"https:\/\/www.campingjard.fr\/en\/editorial\/location-mobil-home-camping-calme-vendee\/\" target=\"_self\" >Rental mobil home camping calme Vend\u00e9e<\/a><\/h3><\/div>\n\n<\/li><li class=\"wp-block-post post-227717 editorial type-editorial status-publish has-post-thumbnail hentry\">\n\n<div class=\"wp-block-group alignfull is-content-justification-space-between is-nowrap is-layout-flex wp-container-core-group-is-layout-154222c2 wp-block-group-is-layout-flex\" style=\"border-bottom-color:var(--wp--preset--color--accent-6);border-bottom-width:1px;padding-top:var(--wp--preset--spacing--30);padding-bottom:var(--wp--preset--spacing--30)\" data-block-type=\"core\"><h3 class=\"wp-block-post-title has-large-font-size\" data-block-type=\"core\"><a href=\"https:\/\/www.campingjard.fr\/en\/editorial\/camping-4-etoiles-calme-bord-de-mer-vendee\/\" target=\"_self\" >Quiet 4-star campsite by the sea Vend\u00e9e<\/a><\/h3><\/div>\n\n<\/li><li class=\"wp-block-post post-227703 editorial type-editorial status-publish has-post-thumbnail hentry\">\n\n<div class=\"wp-block-group alignfull is-content-justification-space-between is-nowrap is-layout-flex wp-container-core-group-is-layout-154222c2 wp-block-group-is-layout-flex\" style=\"border-bottom-color:var(--wp--preset--color--accent-6);border-bottom-width:1px;padding-top:var(--wp--preset--spacing--30);padding-bottom:var(--wp--preset--spacing--30)\" data-block-type=\"core\"><h3 class=\"wp-block-post-title has-large-font-size\" data-block-type=\"core\"><a href=\"https:\/\/www.campingjard.fr\/en\/editorial\/camping-bord-de-mer-4-etoiles-vendee\/\" target=\"_self\" >4-star seaside campsite Vend\u00e9e<\/a><\/h3><\/div>\n\n<\/li><li class=\"wp-block-post post-227684 editorial type-editorial status-publish has-post-thumbnail hentry\">\n\n<div class=\"wp-block-group alignfull is-content-justification-space-between is-nowrap is-layout-flex wp-container-core-group-is-layout-154222c2 wp-block-group-is-layout-flex\" style=\"border-bottom-color:var(--wp--preset--color--accent-6);border-bottom-width:1px;padding-top:var(--wp--preset--spacing--30);padding-bottom:var(--wp--preset--spacing--30)\" data-block-type=\"core\"><h3 class=\"wp-block-post-title has-large-font-size\" data-block-type=\"core\"><a href=\"https:\/\/www.campingjard.fr\/en\/editorial\/top-camping-cote-atlantique\/\" target=\"_self\" >Top campsites Atlantic coast<\/a><\/h3><\/div>\n\n<\/li><li class=\"wp-block-post post-227542 editorial type-editorial status-publish has-post-thumbnail hentry\">\n\n<div class=\"wp-block-group alignfull is-content-justification-space-between is-nowrap is-layout-flex wp-container-core-group-is-layout-154222c2 wp-block-group-is-layout-flex\" style=\"border-bottom-color:var(--wp--preset--color--accent-6);border-bottom-width:1px;padding-top:var(--wp--preset--spacing--30);padding-bottom:var(--wp--preset--spacing--30)\" data-block-type=\"core\"><h3 class=\"wp-block-post-title has-large-font-size\" data-block-type=\"core\"><a href=\"https:\/\/www.campingjard.fr\/en\/editorial\/location-mobil-home-cote-atlantique\/\" target=\"_self\" >Mobile home rental Atlantic coast<\/a><\/h3><\/div>\n\n<\/li><\/ul>\n\n<nav class=\"wp-block-query-pagination is-layout-flex wp-block-query-pagination-is-layout-flex\" aria-label=\"Pagination\" data-block-type=\"core\">\n\n\n<div class=\"wp-block-query-pagination-numbers\" data-block-type=\"core\"><span aria-current=\"page\" class=\"page-numbers current\">1<\/span>\n<a class=\"page-numbers\" href=\"?query-31-page=2\">2<\/a>\n<a class=\"page-numbers\" href=\"?query-31-page=3\">3<\/a><\/div>\n\n<a href=\"\/en\/wp-json\/wp\/v2\/pages\/236548?query-31-page=2\" class=\"wp-block-query-pagination-next\" data-block-type=\"core\">Next Page<\/a>\n<\/nav><\/div>","protected":false},"excerpt":{"rendered":"","protected":false},"author":1,"featured_media":1229,"parent":0,"menu_order":0,"comment_status":"closed","ping_status":"closed","template":"","meta":{"_acf_changed":false,"_seopress_robots_primary_cat":"","_seopress_titles_title":"","_seopress_titles_desc":"","_seopress_robots_index":"","_vp_format_video_url":"","_vp_image_focal_point":[],"footnotes":""},"class_list":["post-236548","page","type-page","status-publish","has-post-thumbnail","hentry"],"acf":[],"_links":{"self":[{"href":"https:\/\/www.campingjard.fr\/en\/wp-json\/wp\/v2\/pages\/236548","targetHints":{"allow":["GET"]}}],"collection":[{"href":"https:\/\/www.campingjard.fr\/en\/wp-json\/wp\/v2\/pages"}],"about":[{"href":"https:\/\/www.campingjard.fr\/en\/wp-json\/wp\/v2\/types\/page"}],"author":[{"embeddable":true,"href":"https:\/\/www.campingjard.fr\/en\/wp-json\/wp\/v2\/users\/1"}],"replies":[{"embeddable":true,"href":"https:\/\/www.campingjard.fr\/en\/wp-json\/wp\/v2\/comments?post=236548"}],"version-history":[{"count":3,"href":"https:\/\/www.campingjard.fr\/en\/wp-json\/wp\/v2\/pages\/236548\/revisions"}],"predecessor-version":[{"id":236554,"href":"https:\/\/www.campingjard.fr\/en\/wp-json\/wp\/v2\/pages\/236548\/revisions\/236554"}],"wp:featuredmedia":[{"embeddable":true,"href":"https:\/\/www.campingjard.fr\/en\/wp-json\/wp\/v2\/media\/1229"}],"wp:attachment":[{"href":"https:\/\/www.campingjard.fr\/en\/wp-json\/wp\/v2\/media?parent=236548"}],"curies":[{"name":"wp","href":"https:\/\/api.w.org\/{rel}","templated":true}]}}